{"id":8,"date":"2021-08-08T19:14:30","date_gmt":"2021-08-08T19:14:30","guid":{"rendered":"https:\/\/www.ossjsmlednik.si\/?page_id=8"},"modified":"2021-08-29T18:54:33","modified_gmt":"2021-08-29T18:54:33","slug":"predstavitev-sole","status":"publish","type":"page","link":"https:\/\/www.ossjsmlednik.si\/?page_id=8","title":{"rendered":"Predstavitev \u0161ole"},"content":{"rendered":"\n<p>\u0160olska kronika O\u0160 Simona Jenka Smlednik<\/p>\n\n\n\n<p>Leta 1774 je Marija Terezija s posebno uvedbo podredila \u0161olstvo dr\u017eavnim uradom in isto\u010dasno odredila, da morajo \u0161olo obiskovati vsi otroci od 6. do 13. leta starosti. U\u010dni jezik po \u0161olah je bil nem\u0161ki, ker pa otroci tega jezika niso znali, je pouk v ni\u017ejih razredih potekal v materin\u0161\u010dini. V Smledniku pa je \u0161ola za\u017eivela \u0161tiri desetletja kasneje, razvoj \u0161ole pa traja \u017ee osemnajst desetletij. Za katedri je pou\u010devalo \u017ee veliko u\u010diteljev, v \u0161olskih klopeh pa se je u\u010dilo \u017ee mnogo u\u010dencev. V Smledniku se je za\u010delo skromno, v sobici \u017eupnika Janeza Kuharja v \u017eupni\u0161\u010du, u\u010dil pa jih je me\u017enar Matija Kri\u017enar. Potem se je \u0161ola preselila v Merja\u0161\u010devo zidanico, postala je trivijalka. Prvi u\u010denec je bil Andrej \u010ceba\u0161ek iz Mo\u0161. V letih 1835\u201337 so zgradili novo \u0161olsko poslopje pod cerkvijo, ker se je \u0161tevilo u\u010dencev ve\u010dalo. \u0160ele leta 1885&nbsp; so dobili dvorazrednico, tako da so staro \u0161olo prezidali in dodali \u0161e eno nadstropje. \u0160ola je po\u010dasi napredovala, dobila je vrt, drevesnico, grmovnico, mati\u010dnjak, pa tudi predmetov je bilo vse ve\u010d. U\u010ditelji pa so se zaradi slabih pla\u010d in napornega dela hitro menjavali. V \u0161oli&nbsp; so na zahtevo Krajevnega \u0161olskega odbora leta 1930 dobili \u0161tirirazrednico. Mirno va\u0161ko \u017eivljenje je prekinila 2. sv. vojna. Slovenski u\u010ditelji so bili pregnani, prav tako tudi smle\u0161ki upravitelj Nikolaj Slapar. Ta\u010das so pou\u010devali nem\u0161ki u\u010ditelji v nem\u0161kem jeziku. Uporabljali so tudi palico, otroci pa niso prav veliko odnesli od pouka. Po vojni&nbsp; so bile v \u0161olski stavbi zelo slabe razmere, zato so bile vse sile \u0161olskega upravitelja Valentina Freceta in u\u010diteljev usmerjene v to, da bi zgradili novo \u0161olo. V Medvodah pa so izdali odlok o odprtju petega razreda, vi\u0161ji razredi so \u0161olo obiskovali v Vzgojnem zavodu. V letu 1966 se je v Smledniku za\u010dela gradnja nove \u0161ole, na Jerajevi njivi. Zgrajena in uradno odprta je bila na prvi \u0161olski dan 10. septembra 1967. Ime je dobila po slovenskem pesniku Simonu Jenku, ki je nekaj \u010dasa obiskoval staro smle\u0161ko \u0161olo.<\/p>\n\n\n\n<p>\u0160ola pa je na pragu tega, da bo zopet premajhna. Spremeniti bo morala svoje obli\u010dje. Imamo jo radi in ponosni smo nanjo. Brez nje in u\u010denja bi bilo tudi na\u0161e \u017eivljenje bolj siroma\u0161no.<\/p>\n\n\n\n<p><em>Povzeto po kroniki, ki so jo napisali u\u010denci zgodovinskega kro\u017eka z mentorico Andrejo Ker\u010d.<\/em><\/p>\n\n\n\n<p>\u0160pela Zajc, 9.razred<\/p>\n","protected":false},"excerpt":{"rendered":"<p>\u0160olska kronika O\u0160 Simona Jenka Smlednik Leta 1774 je Marija Terezija s posebno uvedbo podredila \u0161olstvo dr\u017eavnim uradom in isto\u010dasno odredila, da morajo \u0161olo obiskovati vsi otroci od 6. do 13. leta starosti. U\u010dni&#46;&#46;&#46;<\/p>\n","protected":false},"author":1,"featured_media":0,"parent":0,"menu_order":0,"comment_status":"closed","ping_status":"closed","template":"","meta":{"footnotes":""},"class_list":["post-8","page","type-page","status-publish","hentry"],"publishpress_future_action":{"enabled":false,"date":"2026-05-10 08:50:11","action":"change-status","newStatus":"draft","terms":[],"taxonomy":"","extraData":[]},"publishpress_future_workflow_manual_trigger":{"enabledWorkflows":[]},"_links":{"self":[{"href":"https:\/\/www.ossjsmlednik.si\/index.php?rest_route=\/wp\/v2\/pages\/8","targetHints":{"allow":["GET"]}}],"collection":[{"href":"https:\/\/www.ossjsmlednik.si\/index.php?rest_route=\/wp\/v2\/pages"}],"about":[{"href":"https:\/\/www.ossjsmlednik.si\/index.php?rest_route=\/wp\/v2\/types\/page"}],"author":[{"embeddable":true,"href":"https:\/\/www.ossjsmlednik.si\/index.php?rest_route=\/wp\/v2\/users\/1"}],"replies":[{"embeddable":true,"href":"https:\/\/www.ossjsmlednik.si\/index.php?rest_route=%2Fwp%2Fv2%2Fcomments&post=8"}],"version-history":[{"count":2,"href":"https:\/\/www.ossjsmlednik.si\/index.php?rest_route=\/wp\/v2\/pages\/8\/revisions"}],"predecessor-version":[{"id":292,"href":"https:\/\/www.ossjsmlednik.si\/index.php?rest_route=\/wp\/v2\/pages\/8\/revisions\/292"}],"wp:attachment":[{"href":"https:\/\/www.ossjsmlednik.si\/index.php?rest_route=%2Fwp%2Fv2%2Fmedia&parent=8"}],"curies":[{"name":"wp","href":"https:\/\/api.w.org\/{rel}","templated":true}]}}